{"id":7690,"date":"2020-04-15T11:02:11","date_gmt":"2020-04-15T16:02:11","guid":{"rendered":"https:\/\/microcreditmontreal.ca\/?page_id=7690"},"modified":"2021-02-10T12:14:08","modified_gmt":"2021-02-10T17:14:08","slug":"covid-19","status":"publish","type":"page","link":"https:\/\/microcreditmontreal.ca\/en\/covid-19\/","title":{"rendered":"Covid-19"},"content":{"rendered":"\t\t<div data-elementor-type=\"wp-page\" data-elementor-id=\"7690\" class=\"elementor elementor-7690\" data-elementor-post-type=\"page\">\n\t\t\t\t\t\t<section class=\"elementor-section elementor-top-section elementor-element elementor-element-8bd78f4 elementor-hidden-tablet elementor-section-boxed elementor-section-height-default elementor-section-height-default\" data-id=\"8bd78f4\" data-element_type=\"section\" data-e-type=\"section\" data-settings=\"{&quot;background_background&quot;:&quot;classic&quot;,&quot;background_image&quot;:{&quot;url&quot;:&quot;https:\\\/\\\/microcreditmontreal.ca\\\/wp-content\\\/uploads\\\/2020\\\/04\\\/Covid_entete_part3.svg&quot;,&quot;id&quot;:7628,&quot;size&quot;:&quot;&quot;}}\">\n\t\t\t\t\t\t<div class=\"elementor-container elementor-column-gap-default\">\n\t\t\t\t\t<div class=\"elementor-column elementor-col-50 elementor-top-column elementor-element elementor-element-8dc1d55\" data-id=\"8dc1d55\" data-element_type=\"column\" data-e-type=\"column\" data-settings=\"{&quot;background_background&quot;:&quot;classic&quot;}\">\n\t\t\t<div class=\"elementor-widget-wrap elementor-element-populated\">\n\t\t\t\t\t\t<div class=\"elementor-element elementor-element-ac0fef9 elementor-widget elementor-widget-spacer\" data-id=\"ac0fef9\" data-element_type=\"widget\" data-e-type=\"widget\" data-widget_type=\"spacer.default\">\n\t\t\t\t\t\t\t<div class=\"elementor-spacer\">\n\t\t\t<div class=\"elementor-spacer-inner\"><\/div>\n\t\t<\/div>\n\t\t\t\t\t\t<\/div>\n\t\t\t\t\t<\/div>\n\t\t<\/div>\n\t\t\t\t<div class=\"elementor-column elementor-col-50 elementor-top-column elementor-element elementor-element-75c77d5\" data-id=\"75c77d5\" data-element_type=\"column\" data-e-type=\"column\" data-settings=\"{&quot;background_background&quot;:&quot;classic&quot;}\">\n\t\t\t<div class=\"elementor-widget-wrap elementor-element-populated\">\n\t\t\t\t\t\t<div class=\"elementor-element elementor-element-ee79b3b elementor-widget elementor-widget-heading\" data-id=\"ee79b3b\" data-element_type=\"widget\" data-e-type=\"widget\" data-widget_type=\"heading.default\">\n\t\t\t\t\t<h3 class=\"elementor-heading-title elementor-size-default\">Dear entrepreneurs and internationally trained professionals,\nThe Microcr\u00e9dit Montr\u00e9al team is ready to help you on-line, through out the week from 9 a.m. to 5 p.m.<\/h3>\t\t\t\t<\/div>\n\t\t\t\t<div class=\"elementor-element elementor-element-756ec7f elementor-widget elementor-widget-heading\" data-id=\"756ec7f\" data-element_type=\"widget\" data-e-type=\"widget\" data-widget_type=\"heading.default\">\n\t\t\t\t\t<h3 class=\"elementor-heading-title elementor-size-default\">Please write by email to:<\/h3>\t\t\t\t<\/div>\n\t\t\t\t<div class=\"elementor-element elementor-element-7dfaf7f elementor-widget elementor-widget-button\" data-id=\"7dfaf7f\" data-element_type=\"widget\" data-e-type=\"widget\" data-widget_type=\"button.default\">\n\t\t\t\t\t\t\t\t\t\t<a class=\"elementor-button elementor-button-link elementor-size-sm\" href=\"mailto:info@microcreditmontreal.ca\">\n\t\t\t\t\t\t<span class=\"elementor-button-content-wrapper\">\n\t\t\t\t\t\t\t\t\t<span class=\"elementor-button-text\">info@microcreditmontreal.ca<\/span>\n\t\t\t\t\t<\/span>\n\t\t\t\t\t<\/a>\n\t\t\t\t\t\t\t\t<\/div>\n\t\t\t\t<div class=\"elementor-element elementor-element-dc45718 elementor-widget elementor-widget-heading\" data-id=\"dc45718\" data-element_type=\"widget\" data-e-type=\"widget\" data-widget_type=\"heading.default\">\n\t\t\t\t\t<h3 class=\"elementor-heading-title elementor-size-default\">Let us rise to this challenge together!<\/h3>\t\t\t\t<\/div>\n\t\t\t\t\t<\/div>\n\t\t<\/div>\n\t\t\t\t\t<\/div>\n\t\t<\/section>\n\t\t\t\t<section class=\"elementor-section elementor-top-section elementor-element elementor-element-c064ead elementor-hidden-desktop elementor-section-boxed elementor-section-height-default elementor-section-height-default\" data-id=\"c064ead\" data-element_type=\"section\" data-e-type=\"section\" data-settings=\"{&quot;background_background&quot;:&quot;classic&quot;,&quot;background_image&quot;:{&quot;url&quot;:&quot;&quot;,&quot;id&quot;:&quot;&quot;,&quot;size&quot;:&quot;&quot;}}\">\n\t\t\t\t\t\t<div class=\"elementor-container elementor-column-gap-default\">\n\t\t\t\t\t<div class=\"elementor-column elementor-col-50 elementor-top-column elementor-element elementor-element-17737a2\" data-id=\"17737a2\" data-element_type=\"column\" data-e-type=\"column\">\n\t\t\t<div class=\"elementor-widget-wrap elementor-element-populated\">\n\t\t\t\t\t\t<div class=\"elementor-element elementor-element-0539f18 elementor-widget elementor-widget-heading\" data-id=\"0539f18\" data-element_type=\"widget\" data-e-type=\"widget\" data-widget_type=\"heading.default\">\n\t\t\t\t\t<h2 class=\"elementor-heading-title elementor-size-default\">COVID-19<\/h2>\t\t\t\t<\/div>\n\t\t\t\t\t<\/div>\n\t\t<\/div>\n\t\t\t\t<div class=\"elementor-column elementor-col-50 elementor-top-column elementor-element elementor-element-e98f93c\" data-id=\"e98f93c\" data-element_type=\"column\" data-e-type=\"column\" data-settings=\"{&quot;background_background&quot;:&quot;classic&quot;}\">\n\t\t\t<div class=\"elementor-widget-wrap elementor-element-populated\">\n\t\t\t\t\t\t<div class=\"elementor-element elementor-element-9b0d248 elementor-widget elementor-widget-heading\" data-id=\"9b0d248\" data-element_type=\"widget\" data-e-type=\"widget\" data-widget_type=\"heading.default\">\n\t\t\t\t\t<h3 class=\"elementor-heading-title elementor-size-default\">Dear entrepreneurs and internationally trained professionals,\nThe Microcr\u00e9dit Montr\u00e9al team is ready to help you on-line, through out the week from 9 a.m. to 5 p.m.<\/h3>\t\t\t\t<\/div>\n\t\t\t\t<div class=\"elementor-element elementor-element-70fd0be elementor-widget elementor-widget-heading\" data-id=\"70fd0be\" data-element_type=\"widget\" data-e-type=\"widget\" data-widget_type=\"heading.default\">\n\t\t\t\t\t<h3 class=\"elementor-heading-title elementor-size-default\">Please write by email to:<\/h3>\t\t\t\t<\/div>\n\t\t\t\t<div class=\"elementor-element elementor-element-7f1caea elementor-tablet-align-center elementor-widget elementor-widget-button\" data-id=\"7f1caea\" data-element_type=\"widget\" data-e-type=\"widget\" data-widget_type=\"button.default\">\n\t\t\t\t\t\t\t\t\t\t<a class=\"elementor-button elementor-button-link elementor-size-sm\" href=\"mailto:info@microcreditmontreal.ca\">\n\t\t\t\t\t\t<span class=\"elementor-button-content-wrapper\">\n\t\t\t\t\t\t\t\t\t<span class=\"elementor-button-text\">info@microcreditmontreal.ca<\/span>\n\t\t\t\t\t<\/span>\n\t\t\t\t\t<\/a>\n\t\t\t\t\t\t\t\t<\/div>\n\t\t\t\t<div class=\"elementor-element elementor-element-04e6266 elementor-widget elementor-widget-heading\" data-id=\"04e6266\" data-element_type=\"widget\" data-e-type=\"widget\" data-widget_type=\"heading.default\">\n\t\t\t\t\t<h3 class=\"elementor-heading-title elementor-size-default\">Let us rise to this challenge together!<\/h3>\t\t\t\t<\/div>\n\t\t\t\t\t<\/div>\n\t\t<\/div>\n\t\t\t\t\t<\/div>\n\t\t<\/section>\n\t\t\t\t<section class=\"elementor-section elementor-top-section elementor-element elementor-element-2345f0b elementor-section-boxed elementor-section-height-default elementor-section-height-default\" data-id=\"2345f0b\" data-element_type=\"section\" data-e-type=\"section\">\n\t\t\t\t\t\t<div class=\"elementor-container elementor-column-gap-default\">\n\t\t\t\t\t<div class=\"elementor-column elementor-col-100 elementor-top-column elementor-element elementor-element-5536e10\" data-id=\"5536e10\" data-element_type=\"column\" data-e-type=\"column\">\n\t\t\t<div class=\"elementor-widget-wrap elementor-element-populated\">\n\t\t\t\t\t\t<div class=\"elementor-element elementor-element-ddb4634 elementor-widget elementor-widget-heading\" data-id=\"ddb4634\" data-element_type=\"widget\" data-e-type=\"widget\" data-widget_type=\"heading.default\">\n\t\t\t\t\t<h1 class=\"elementor-heading-title elementor-size-default\">LES MESURES DE\nMICROCR\u00c9DIT MONTR\u00c9AL<\/h1>\t\t\t\t<\/div>\n\t\t\t\t<div class=\"elementor-element elementor-element-eb23f2e elementor-widget elementor-widget-text-editor\" data-id=\"eb23f2e\" data-element_type=\"widget\" data-e-type=\"widget\" data-widget_type=\"text-editor.default\">\n\t\t\t\t\t\t\t\t\tLa situation actuelle nous affecte toutes et tous, et plus particuli\u00e8rement les microentreprises tenues par des entrepreneurs plus vuln\u00e9rables. \nPour accompagner tous nos entrepreneurs en cette p\u00e9riode difficile, l\u2019\u00e9quipe de Microcr\u00e9dit Montr\u00e9al a contact\u00e9 l\u2019ensemble de ses entrepreneurs afin d&#8217;identifier leurs besoins.\t\t\t\t\t\t\t\t<\/div>\n\t\t\t\t<section class=\"elementor-section elementor-inner-section elementor-element elementor-element-d3c7e8d elementor-section-boxed elementor-section-height-default elementor-section-height-default\" data-id=\"d3c7e8d\" data-element_type=\"section\" data-e-type=\"section\" data-settings=\"{&quot;background_background&quot;:&quot;classic&quot;,&quot;background_image&quot;:{&quot;url&quot;:&quot;&quot;,&quot;id&quot;:&quot;&quot;,&quot;size&quot;:&quot;&quot;}}\">\n\t\t\t\t\t\t<div class=\"elementor-container elementor-column-gap-default\">\n\t\t\t\t\t<div class=\"elementor-column elementor-col-50 elementor-inner-column elementor-element elementor-element-aedb01f\" data-id=\"aedb01f\" data-element_type=\"column\" data-e-type=\"column\">\n\t\t\t<div class=\"elementor-widget-wrap elementor-element-populated\">\n\t\t\t\t\t\t<div class=\"elementor-element elementor-element-414da87 elementor-widget elementor-widget-image\" data-id=\"414da87\" data-element_type=\"widget\" data-e-type=\"widget\" data-widget_type=\"image.default\">\n\t\t\t\t\t\t\t\t\t\t\t\t\t\t\t<img fetchpriority=\"high\" decoding=\"async\" width=\"768\" height=\"500\" src=\"https:\/\/microcreditmontreal.ca\/wp-content\/uploads\/2020\/04\/comite\u0301-3.png\" class=\"attachment-medium_large size-medium_large wp-image-7802\" alt=\"\" srcset=\"https:\/\/microcreditmontreal.ca\/wp-content\/uploads\/2020\/04\/comite\u0301-3.png 985w, https:\/\/microcreditmontreal.ca\/wp-content\/uploads\/2020\/04\/comite\u0301-3-800x521.png 800w, https:\/\/microcreditmontreal.ca\/wp-content\/uploads\/2020\/04\/comite\u0301-3-300x195.png 300w\" sizes=\"(max-width: 768px) 100vw, 768px\" \/>\t\t\t\t\t\t\t\t\t\t\t\t\t\t\t<\/div>\n\t\t\t\t\t<\/div>\n\t\t<\/div>\n\t\t\t\t<div class=\"elementor-column elementor-col-50 elementor-inner-column elementor-element elementor-element-2331759\" data-id=\"2331759\" data-element_type=\"column\" data-e-type=\"column\">\n\t\t\t<div class=\"elementor-widget-wrap elementor-element-populated\">\n\t\t\t\t\t\t<div class=\"elementor-element elementor-element-37c82d9 elementor-widget elementor-widget-text-editor\" data-id=\"37c82d9\" data-element_type=\"widget\" data-e-type=\"widget\" data-widget_type=\"text-editor.default\">\n\t\t\t\t\t\t\t\t\t<p>Microcr\u00e9dit Montr\u00e9al is planning its 30th anniversary celebrations with the help of an advisory committee.<\/p><p>A big thank you to the new members and our board members for rallying around our vision to build an inclusive and prosperous society, particularly in these difficult times.<\/p>\t\t\t\t\t\t\t\t<\/div>\n\t\t\t\t\t<\/div>\n\t\t<\/div>\n\t\t\t\t\t<\/div>\n\t\t<\/section>\n\t\t\t\t<section class=\"elementor-section elementor-inner-section elementor-element elementor-element-4a8533c elementor-section-boxed elementor-section-height-default elementor-section-height-default\" data-id=\"4a8533c\" data-element_type=\"section\" data-e-type=\"section\" data-settings=\"{&quot;background_background&quot;:&quot;classic&quot;,&quot;background_image&quot;:{&quot;url&quot;:&quot;&quot;,&quot;id&quot;:&quot;&quot;,&quot;size&quot;:&quot;&quot;}}\">\n\t\t\t\t\t\t<div class=\"elementor-container elementor-column-gap-default\">\n\t\t\t\t\t<div class=\"elementor-column elementor-col-33 elementor-inner-column elementor-element elementor-element-6e2366c\" data-id=\"6e2366c\" data-element_type=\"column\" data-e-type=\"column\">\n\t\t\t<div class=\"elementor-widget-wrap elementor-element-populated\">\n\t\t\t\t\t\t<div class=\"elementor-element elementor-element-32824cf elementor-widget elementor-widget-ee-inline-svg\" data-id=\"32824cf\" data-element_type=\"widget\" data-e-type=\"widget\" data-settings=\"{&quot;svg&quot;:{&quot;url&quot;:&quot;https:\\\/\\\/microcreditmontreal.ca\\\/wp-content\\\/uploads\\\/microcredit_theme_media\\\/Logo_MicroCredit_M_Couleur.svg&quot;,&quot;id&quot;:2784,&quot;size&quot;:&quot;&quot;},&quot;link&quot;:{&quot;url&quot;:&quot;&quot;,&quot;is_external&quot;:&quot;&quot;,&quot;nofollow&quot;:&quot;&quot;,&quot;custom_attributes&quot;:&quot;&quot;},&quot;maintain_ratio&quot;:&quot;yes&quot;,&quot;remove_inline_css&quot;:&quot;yes&quot;}\" data-widget_type=\"ee-inline-svg.default\">\n\t\t\t\t<div class=\"elementor-widget-container\">\n\t\t\t\t\t<div class=\"ee-inline-svg-wrapper\">\n\t\t\t<div class=\"ee-inline-svg\" data-url=\"https:\/\/microcreditmontreal.ca\/wp-content\/uploads\/microcredit_theme_media\/Logo_MicroCredit_M_Couleur.svg\"><\/div>\n\t\t<\/div>\t\t\t\t<\/div>\n\t\t\t\t<\/div>\n\t\t\t\t\t<\/div>\n\t\t<\/div>\n\t\t\t\t<div class=\"elementor-column elementor-col-66 elementor-inner-column elementor-element elementor-element-c82efac\" data-id=\"c82efac\" data-element_type=\"column\" data-e-type=\"column\">\n\t\t\t<div class=\"elementor-widget-wrap elementor-element-populated\">\n\t\t\t\t\t\t<div class=\"elementor-element elementor-element-1a90af7 elementor-widget elementor-widget-heading\" data-id=\"1a90af7\" data-element_type=\"widget\" data-e-type=\"widget\" data-widget_type=\"heading.default\">\n\t\t\t\t\t<h2 class=\"elementor-heading-title elementor-size-default\">Un moratoire automatique sans frais d\u2019int\u00e9r\u00eat<\/h2>\t\t\t\t<\/div>\n\t\t\t\t<div class=\"elementor-element elementor-element-1c8395b elementor-widget elementor-widget-text-editor\" data-id=\"1c8395b\" data-element_type=\"widget\" data-e-type=\"widget\" data-widget_type=\"text-editor.default\">\n\t\t\t\t\t\t\t\t\t<p>Microcr\u00e9dit Montr\u00e9al offre \u00e0 tous ses entrepreneurs un moratoire automatique de 3 mois sur le capital et les int\u00e9r\u00eats. Pouvant s\u2019\u00e9tendre jusqu&#8217;\u00e0 six mois, cette mesure est en vigueur \u00e0 compter du 1er avril 2020.\u00a0Nous offrons \u00e9galement la facilit\u00e9 de paiement \u00e0 des professionnels form\u00e9s \u00e0 l\u2019\u00e9tranger, au cas par cas.<\/p>\t\t\t\t\t\t\t\t<\/div>\n\t\t\t\t\t<\/div>\n\t\t<\/div>\n\t\t\t\t\t<\/div>\n\t\t<\/section>\n\t\t\t\t<section class=\"elementor-section elementor-inner-section elementor-element elementor-element-5c3d08f elementor-section-boxed elementor-section-height-default elementor-section-height-default\" data-id=\"5c3d08f\" data-element_type=\"section\" data-e-type=\"section\" data-settings=\"{&quot;background_background&quot;:&quot;classic&quot;,&quot;background_image&quot;:{&quot;url&quot;:&quot;&quot;,&quot;id&quot;:&quot;&quot;,&quot;size&quot;:&quot;&quot;}}\">\n\t\t\t\t\t\t<div class=\"elementor-container elementor-column-gap-default\">\n\t\t\t\t\t<div class=\"elementor-column elementor-col-33 elementor-inner-column elementor-element elementor-element-e4eddc2\" data-id=\"e4eddc2\" data-element_type=\"column\" data-e-type=\"column\">\n\t\t\t<div class=\"elementor-widget-wrap\">\n\t\t\t\t\t\t\t<\/div>\n\t\t<\/div>\n\t\t\t\t<div class=\"elementor-column elementor-col-66 elementor-inner-column elementor-element elementor-element-3dcb9af\" data-id=\"3dcb9af\" data-element_type=\"column\" data-e-type=\"column\">\n\t\t\t<div class=\"elementor-widget-wrap elementor-element-populated\">\n\t\t\t\t\t\t<div class=\"elementor-element elementor-element-c732437 elementor-widget elementor-widget-heading\" data-id=\"c732437\" data-element_type=\"widget\" data-e-type=\"widget\" data-widget_type=\"heading.default\">\n\t\t\t\t\t<h2 class=\"elementor-heading-title elementor-size-default\">Un sondage sur l'impact \u00e9conomique de la COVID-19<\/h2>\t\t\t\t<\/div>\n\t\t\t\t<div class=\"elementor-element elementor-element-03d5216 elementor-widget elementor-widget-text-editor\" data-id=\"03d5216\" data-element_type=\"widget\" data-e-type=\"widget\" data-widget_type=\"text-editor.default\">\n\t\t\t\t\t\t\t\t\tPour pouvoir identifier avec plus de pr\u00e9cisions  les  besoins des entreprises du r\u00e9seau MicroEntreprendre partout au Qu\u00e9bec, un sondage a \u00e9t\u00e9 envoy\u00e9 \u00e0 tous nos entrepreneurs.\t\t\t\t\t\t\t\t<\/div>\n\t\t\t\t\t<\/div>\n\t\t<\/div>\n\t\t\t\t\t<\/div>\n\t\t<\/section>\n\t\t\t\t\t<\/div>\n\t\t<\/div>\n\t\t\t\t\t<\/div>\n\t\t<\/section>\n\t\t\t\t<section class=\"elementor-section elementor-top-section elementor-element elementor-element-a7cf539 elementor-section-boxed elementor-section-height-default elementor-section-height-default\" data-id=\"a7cf539\" data-element_type=\"section\" data-e-type=\"section\">\n\t\t\t\t\t\t<div class=\"elementor-container elementor-column-gap-default\">\n\t\t\t\t\t<div class=\"elementor-column elementor-col-100 elementor-top-column elementor-element elementor-element-f36fa78\" data-id=\"f36fa78\" data-element_type=\"column\" data-e-type=\"column\">\n\t\t\t<div class=\"elementor-widget-wrap elementor-element-populated\">\n\t\t\t\t\t\t<section class=\"elementor-section elementor-inner-section elementor-element elementor-element-a9b5e4b elementor-section-boxed elementor-section-height-default elementor-section-height-default\" data-id=\"a9b5e4b\" data-element_type=\"section\" data-e-type=\"section\">\n\t\t\t\t\t\t<div class=\"elementor-container elementor-column-gap-default\">\n\t\t\t\t\t<div class=\"elementor-column elementor-col-50 elementor-inner-column elementor-element elementor-element-282d1dd\" data-id=\"282d1dd\" data-element_type=\"column\" data-e-type=\"column\">\n\t\t\t<div class=\"elementor-widget-wrap elementor-element-populated\">\n\t\t\t\t\t\t<div class=\"elementor-element elementor-element-5f76a94 elementor-widget elementor-widget-ee-inline-svg\" data-id=\"5f76a94\" data-element_type=\"widget\" data-e-type=\"widget\" data-settings=\"{&quot;svg&quot;:{&quot;url&quot;:&quot;https:\\\/\\\/microcreditmontreal.ca\\\/wp-content\\\/uploads\\\/2020\\\/04\\\/Logo_Canada.svg&quot;,&quot;id&quot;:7650,&quot;size&quot;:&quot;&quot;},&quot;link&quot;:{&quot;url&quot;:&quot;&quot;,&quot;is_external&quot;:&quot;&quot;,&quot;nofollow&quot;:&quot;&quot;,&quot;custom_attributes&quot;:&quot;&quot;},&quot;maintain_ratio&quot;:&quot;yes&quot;,&quot;remove_inline_css&quot;:&quot;yes&quot;}\" data-widget_type=\"ee-inline-svg.default\">\n\t\t\t\t<div class=\"elementor-widget-container\">\n\t\t\t\t\t<div class=\"ee-inline-svg-wrapper\">\n\t\t\t<div class=\"ee-inline-svg\" data-url=\"https:\/\/microcreditmontreal.ca\/wp-content\/uploads\/2020\/04\/Logo_Canada.svg\"><\/div>\n\t\t<\/div>\t\t\t\t<\/div>\n\t\t\t\t<\/div>\n\t\t\t\t\t<\/div>\n\t\t<\/div>\n\t\t\t\t<div class=\"elementor-column elementor-col-50 elementor-inner-column elementor-element elementor-element-406eecc\" data-id=\"406eecc\" data-element_type=\"column\" data-e-type=\"column\">\n\t\t\t<div class=\"elementor-widget-wrap elementor-element-populated\">\n\t\t\t\t\t\t<div class=\"elementor-element elementor-element-0563031 elementor-widget elementor-widget-heading\" data-id=\"0563031\" data-element_type=\"widget\" data-e-type=\"widget\" data-widget_type=\"heading.default\">\n\t\t\t\t\t<h2 class=\"elementor-heading-title elementor-size-default\">LES MESURES D'URGENCES DU GOUVERNEMENT DU CANADA<\/h2>\t\t\t\t<\/div>\n\t\t\t\t\t<\/div>\n\t\t<\/div>\n\t\t\t\t\t<\/div>\n\t\t<\/section>\n\t\t\t\t<section class=\"elementor-section elementor-inner-section elementor-element elementor-element-5238aa0 elementor-section-boxed elementor-section-height-default elementor-section-height-default\" data-id=\"5238aa0\" data-element_type=\"section\" data-e-type=\"section\">\n\t\t\t\t\t\t<div class=\"elementor-container elementor-column-gap-default\">\n\t\t\t\t\t<div class=\"elementor-column elementor-col-50 elementor-inner-column elementor-element elementor-element-b6db544\" data-id=\"b6db544\" data-element_type=\"column\" data-e-type=\"column\">\n\t\t\t<div class=\"elementor-widget-wrap elementor-element-populated\">\n\t\t\t\t\t\t<div class=\"elementor-element elementor-element-bc0583e elementor-widget elementor-widget-text-editor\" data-id=\"bc0583e\" data-element_type=\"widget\" data-e-type=\"widget\" data-widget_type=\"text-editor.default\">\n\t\t\t\t\t\t\t\t\t<p><strong>Plan d&#8217;intervention \u00e9conomique du Canada pour r\u00e9pondre \u00e0 la COVID-19<\/strong><br \/>Le gouvernement du Canada prend des mesures imm\u00e9diates, importantes et d\u00e9cisives pour appuyer les Canadiens qui sont aux prises avec des difficult\u00e9s en raison de l\u2019\u00e9closion de la COVID-19.<\/p>\t\t\t\t\t\t\t\t<\/div>\n\t\t\t\t\t<\/div>\n\t\t<\/div>\n\t\t\t\t<div class=\"elementor-column elementor-col-50 elementor-inner-column elementor-element elementor-element-ea57d94\" data-id=\"ea57d94\" data-element_type=\"column\" data-e-type=\"column\">\n\t\t\t<div class=\"elementor-widget-wrap elementor-element-populated\">\n\t\t\t\t\t\t<div class=\"elementor-element elementor-element-e06570d elementor-align-center elementor-mobile-align-center elementor-widget__width-initial elementor-widget-tablet__width-initial elementor-widget elementor-widget-button\" data-id=\"e06570d\" data-element_type=\"widget\" data-e-type=\"widget\" data-widget_type=\"button.default\">\n\t\t\t\t\t\t\t\t\t\t<a class=\"elementor-button elementor-button-link elementor-size-sm elementor-animation-grow\" href=\"https:\/\/www.canada.ca\/fr\/ministere-finances\/plan-intervention-economique.html#businessLIQUEZ%20ICI\" target=\"_blank\">\n\t\t\t\t\t\t<span class=\"elementor-button-content-wrapper\">\n\t\t\t\t\t\t<span class=\"elementor-button-icon\">\n\t\t\t\t<svg xmlns=\"http:\/\/www.w3.org\/2000\/svg\" viewBox=\"0 0 28 28\"><title>Icon_Button_Arrow_3pt<\/title><g id=\"a3e0f359-fc0a-4cf9-b06f-7a87d2afeac1\" data-name=\"Icon_Button_Arrow_3pt\"><path d=\"M7.5,28a1.5,1.5,0,0,1-1-2.58L18.34,14,6.46,2.58A1.5,1.5,0,1,1,8.54.42l13,12.5a1.5,1.5,0,0,1,0,2.16l-13,12.5A1.5,1.5,0,0,1,7.5,28Z\"><\/path><\/g><\/svg>\t\t\t<\/span>\n\t\t\t\t\t\t\t\t\t<span class=\"elementor-button-text\">Savoir plus<\/span>\n\t\t\t\t\t<\/span>\n\t\t\t\t\t<\/a>\n\t\t\t\t\t\t\t\t<\/div>\n\t\t\t\t\t<\/div>\n\t\t<\/div>\n\t\t\t\t\t<\/div>\n\t\t<\/section>\n\t\t\t\t<section class=\"elementor-section elementor-inner-section elementor-element elementor-element-1b5216f elementor-section-boxed elementor-section-height-default elementor-section-height-default\" data-id=\"1b5216f\" data-element_type=\"section\" data-e-type=\"section\" data-settings=\"{&quot;background_background&quot;:&quot;classic&quot;,&quot;background_image&quot;:{&quot;url&quot;:&quot;&quot;,&quot;id&quot;:&quot;&quot;,&quot;size&quot;:&quot;&quot;}}\">\n\t\t\t\t\t\t<div class=\"elementor-container elementor-column-gap-default\">\n\t\t\t\t\t<div class=\"elementor-column elementor-col-50 elementor-inner-column elementor-element elementor-element-ec9ade0\" data-id=\"ec9ade0\" data-element_type=\"column\" data-e-type=\"column\">\n\t\t\t<div class=\"elementor-widget-wrap elementor-element-populated\">\n\t\t\t\t\t\t<div class=\"elementor-element elementor-element-1e61d14 elementor-widget elementor-widget-heading\" data-id=\"1e61d14\" data-element_type=\"widget\" data-e-type=\"widget\" data-widget_type=\"heading.default\">\n\t\t\t\t\t<h2 class=\"elementor-heading-title elementor-size-default\">Prestation canadienne d'urgence (PCU)<\/h2>\t\t\t\t<\/div>\n\t\t\t\t<div class=\"elementor-element elementor-element-68fcaa9 elementor-widget elementor-widget-text-editor\" data-id=\"68fcaa9\" data-element_type=\"widget\" data-e-type=\"widget\" data-widget_type=\"text-editor.default\">\n\t\t\t\t\t\t\t\t\t<p>Le gouvernement f\u00e9d\u00e9ral offre 2\u2009000 $ vers\u00e9 toutes les quatre semaines, ce qui \u00e9quivaut \u00e0 500 $ par semaine. Un maximum de 16 semaines de prestations peut \u00eatre vers\u00e9.<\/p><p>Cette prestation sera offerte du 15 mars 2020 au 3 octobre 2020. Vous pouvez pr\u00e9senter une demande au plus tard le 2 d\u00e9cembre 2020.<br \/>Pour soumettre votre demande de prestation canadienne d&#8217;urgence, vous pouvez vous inscrire\u00a0\u00e0 <a href=\"https:\/\/microcreditmontreal.us4.list-manage.com\/track\/click?u=671750f44c4993ee0d98ff9f7&amp;id=99c08bdf5a&amp;e=93adca1284\" target=\"_blank\" rel=\"noopener\">Mon Dossier<\/a>\u00a0sur le site de l<a href=\"https:\/\/microcreditmontreal.us4.list-manage.com\/track\/click?u=671750f44c4993ee0d98ff9f7&amp;id=9854f16a69&amp;e=93adca1284\" target=\"_blank\" rel=\"noopener\">&#8216;Agence du revenu du Canada<\/a>.<\/p>\t\t\t\t\t\t\t\t<\/div>\n\t\t\t\t<div class=\"elementor-element elementor-element-fd55a5b elementor-align-left elementor-mobile-align-center elementor-widget-tablet__width-initial elementor-widget elementor-widget-button\" data-id=\"fd55a5b\" data-element_type=\"widget\" data-e-type=\"widget\" data-widget_type=\"button.default\">\n\t\t\t\t\t\t\t\t\t\t<a class=\"elementor-button elementor-button-link elementor-size-sm elementor-animation-grow\" href=\"https:\/\/www.canada.ca\/fr\/services\/prestations\/ae\/pcusc-application.html\" target=\"_blank\">\n\t\t\t\t\t\t<span class=\"elementor-button-content-wrapper\">\n\t\t\t\t\t\t<span class=\"elementor-button-icon\">\n\t\t\t\t<svg xmlns=\"http:\/\/www.w3.org\/2000\/svg\" viewBox=\"0 0 28 28\"><title>Icon_Button_Arrow_3pt<\/title><g id=\"a3e0f359-fc0a-4cf9-b06f-7a87d2afeac1\" data-name=\"Icon_Button_Arrow_3pt\"><path d=\"M7.5,28a1.5,1.5,0,0,1-1-2.58L18.34,14,6.46,2.58A1.5,1.5,0,1,1,8.54.42l13,12.5a1.5,1.5,0,0,1,0,2.16l-13,12.5A1.5,1.5,0,0,1,7.5,28Z\"><\/path><\/g><\/svg>\t\t\t<\/span>\n\t\t\t\t\t\t\t\t\t<span class=\"elementor-button-text\">Savoir plus<\/span>\n\t\t\t\t\t<\/span>\n\t\t\t\t\t<\/a>\n\t\t\t\t\t\t\t\t<\/div>\n\t\t\t\t\t<\/div>\n\t\t<\/div>\n\t\t\t\t<div class=\"elementor-column elementor-col-50 elementor-inner-column elementor-element elementor-element-c31f0a4\" data-id=\"c31f0a4\" data-element_type=\"column\" data-e-type=\"column\">\n\t\t\t<div class=\"elementor-widget-wrap elementor-element-populated\">\n\t\t\t\t\t\t<div class=\"elementor-element elementor-element-1518d3d elementor-widget elementor-widget-image\" data-id=\"1518d3d\" data-element_type=\"widget\" data-e-type=\"widget\" data-widget_type=\"image.default\">\n\t\t\t\t\t\t\t\t\t\t\t\t\t\t\t<img decoding=\"async\" width=\"800\" height=\"450\" src=\"https:\/\/microcreditmontreal.ca\/wp-content\/uploads\/2020\/04\/bf913de3-add2-4fea-8aca-cb555b9ff0a4.jpg\" class=\"attachment-large size-large wp-image-7656\" alt=\"\" srcset=\"https:\/\/microcreditmontreal.ca\/wp-content\/uploads\/2020\/04\/bf913de3-add2-4fea-8aca-cb555b9ff0a4.jpg 1200w, https:\/\/microcreditmontreal.ca\/wp-content\/uploads\/2020\/04\/bf913de3-add2-4fea-8aca-cb555b9ff0a4-800x450.jpg 800w, https:\/\/microcreditmontreal.ca\/wp-content\/uploads\/2020\/04\/bf913de3-add2-4fea-8aca-cb555b9ff0a4-300x169.jpg 300w\" sizes=\"(max-width: 800px) 100vw, 800px\" \/>\t\t\t\t\t\t\t\t\t\t\t\t\t\t\t<\/div>\n\t\t\t\t\t<\/div>\n\t\t<\/div>\n\t\t\t\t\t<\/div>\n\t\t<\/section>\n\t\t\t\t<section class=\"elementor-section elementor-inner-section elementor-element elementor-element-203e5d6 elementor-section-boxed elementor-section-height-default elementor-section-height-default\" data-id=\"203e5d6\" data-element_type=\"section\" data-e-type=\"section\" data-settings=\"{&quot;background_background&quot;:&quot;classic&quot;,&quot;background_image&quot;:{&quot;url&quot;:&quot;&quot;,&quot;id&quot;:&quot;&quot;,&quot;size&quot;:&quot;&quot;}}\">\n\t\t\t\t\t\t<div class=\"elementor-container elementor-column-gap-default\">\n\t\t\t\t\t<div class=\"elementor-column elementor-col-100 elementor-inner-column elementor-element elementor-element-e084f92\" data-id=\"e084f92\" data-element_type=\"column\" data-e-type=\"column\">\n\t\t\t<div class=\"elementor-widget-wrap elementor-element-populated\">\n\t\t\t\t\t\t<div class=\"elementor-element elementor-element-6f64384 elementor-widget elementor-widget-heading\" data-id=\"6f64384\" data-element_type=\"widget\" data-e-type=\"widget\" data-widget_type=\"heading.default\">\n\t\t\t\t\t<h2 class=\"elementor-heading-title elementor-size-default\">Programme d\u2019aide temporaire aux travailleurs (PATT COVID-19)<\/h2>\t\t\t\t<\/div>\n\t\t\t\t<div class=\"elementor-element elementor-element-e4cc81b elementor-widget elementor-widget-text-editor\" data-id=\"e4cc81b\" data-element_type=\"widget\" data-e-type=\"widget\" data-widget_type=\"text-editor.default\">\n\t\t\t\t\t\t\t\t\t<p>Le programme est destin\u00e9 \u00e0 offrir une aide financi\u00e8re pour r\u00e9pondre aux besoins des travailleurs qui, en raison d\u2019un isolement pour contrer la propagation du virus COVID-19, ne peuvent gagner en totalit\u00e9 leur revenu de travail et qui ne sont pas admissibles \u00e0 un autre programme d\u2019aide financi\u00e8re.<\/p>\t\t\t\t\t\t\t\t<\/div>\n\t\t\t\t<div class=\"elementor-element elementor-element-55c9f51 elementor-align-left elementor-mobile-align-center elementor-widget-tablet__width-initial elementor-widget elementor-widget-button\" data-id=\"55c9f51\" data-element_type=\"widget\" data-e-type=\"widget\" data-widget_type=\"button.default\">\n\t\t\t\t\t\t\t\t\t\t<a class=\"elementor-button elementor-button-link elementor-size-sm elementor-animation-grow\" href=\"https:\/\/www.quebec.ca\/famille-et-soutien-aux-personnes\/aide-financiere\/programme-aide-temporaire-aux-travailleurs\/\" target=\"_blank\">\n\t\t\t\t\t\t<span class=\"elementor-button-content-wrapper\">\n\t\t\t\t\t\t<span class=\"elementor-button-icon\">\n\t\t\t\t<svg xmlns=\"http:\/\/www.w3.org\/2000\/svg\" viewBox=\"0 0 28 28\"><title>Icon_Button_Arrow_3pt<\/title><g id=\"a3e0f359-fc0a-4cf9-b06f-7a87d2afeac1\" data-name=\"Icon_Button_Arrow_3pt\"><path d=\"M7.5,28a1.5,1.5,0,0,1-1-2.58L18.34,14,6.46,2.58A1.5,1.5,0,1,1,8.54.42l13,12.5a1.5,1.5,0,0,1,0,2.16l-13,12.5A1.5,1.5,0,0,1,7.5,28Z\"><\/path><\/g><\/svg>\t\t\t<\/span>\n\t\t\t\t\t\t\t\t\t<span class=\"elementor-button-text\">Savoir plus<\/span>\n\t\t\t\t\t<\/span>\n\t\t\t\t\t<\/a>\n\t\t\t\t\t\t\t\t<\/div>\n\t\t\t\t\t<\/div>\n\t\t<\/div>\n\t\t\t\t\t<\/div>\n\t\t<\/section>\n\t\t\t\t<section class=\"elementor-section elementor-inner-section elementor-element elementor-element-cf8f18e elementor-section-boxed elementor-section-height-default elementor-section-height-default\" data-id=\"cf8f18e\" data-element_type=\"section\" data-e-type=\"section\" data-settings=\"{&quot;background_background&quot;:&quot;classic&quot;,&quot;background_image&quot;:{&quot;url&quot;:&quot;&quot;,&quot;id&quot;:&quot;&quot;,&quot;size&quot;:&quot;&quot;}}\">\n\t\t\t\t\t\t<div class=\"elementor-container elementor-column-gap-default\">\n\t\t\t\t\t<div class=\"elementor-column elementor-col-100 elementor-inner-column elementor-element elementor-element-5a52171\" data-id=\"5a52171\" data-element_type=\"column\" data-e-type=\"column\">\n\t\t\t<div class=\"elementor-widget-wrap elementor-element-populated\">\n\t\t\t\t\t\t<div class=\"elementor-element elementor-element-0e92bc3 elementor-widget elementor-widget-heading\" data-id=\"0e92bc3\" data-element_type=\"widget\" data-e-type=\"widget\" data-widget_type=\"heading.default\">\n\t\t\t\t\t<h2 class=\"elementor-heading-title elementor-size-default\">Aide d\u2019urgence aux petites et moyennes entreprises<\/h2>\t\t\t\t<\/div>\n\t\t\t\t<div class=\"elementor-element elementor-element-0b20271 elementor-widget elementor-widget-text-editor\" data-id=\"0b20271\" data-element_type=\"widget\" data-e-type=\"widget\" data-widget_type=\"text-editor.default\">\n\t\t\t\t\t\t\t\t\t<p>Le programme Aide d\u2019urgence aux petites et moyennes entreprises vise \u00e0 soutenir, pour une p\u00e9riode limit\u00e9e, les entreprises admissibles qui \u00e9prouvent des difficult\u00e9s financi\u00e8res en raison de la COVID-19 et qui ont besoin de liquidit\u00e9s d\u2019un montant inf\u00e9rieur \u00e0 50\u00a0000\u00a0$.<\/p>\t\t\t\t\t\t\t\t<\/div>\n\t\t\t\t<div class=\"elementor-element elementor-element-12ff347 elementor-align-left elementor-mobile-align-center elementor-widget-tablet__width-initial elementor-widget elementor-widget-button\" data-id=\"12ff347\" data-element_type=\"widget\" data-e-type=\"widget\" data-widget_type=\"button.default\">\n\t\t\t\t\t\t\t\t\t\t<a class=\"elementor-button elementor-button-link elementor-size-sm elementor-animation-grow\" href=\"https:\/\/www.quebec.ca\/entreprises-et-travailleurs-autonomes\/aide-urgence-pme-covid-19\/\" target=\"_blank\">\n\t\t\t\t\t\t<span class=\"elementor-button-content-wrapper\">\n\t\t\t\t\t\t<span class=\"elementor-button-icon\">\n\t\t\t\t<svg xmlns=\"http:\/\/www.w3.org\/2000\/svg\" viewBox=\"0 0 28 28\"><title>Icon_Button_Arrow_3pt<\/title><g id=\"a3e0f359-fc0a-4cf9-b06f-7a87d2afeac1\" data-name=\"Icon_Button_Arrow_3pt\"><path d=\"M7.5,28a1.5,1.5,0,0,1-1-2.58L18.34,14,6.46,2.58A1.5,1.5,0,1,1,8.54.42l13,12.5a1.5,1.5,0,0,1,0,2.16l-13,12.5A1.5,1.5,0,0,1,7.5,28Z\"><\/path><\/g><\/svg>\t\t\t<\/span>\n\t\t\t\t\t\t\t\t\t<span class=\"elementor-button-text\">Savoir plus<\/span>\n\t\t\t\t\t<\/span>\n\t\t\t\t\t<\/a>\n\t\t\t\t\t\t\t\t<\/div>\n\t\t\t\t\t<\/div>\n\t\t<\/div>\n\t\t\t\t\t<\/div>\n\t\t<\/section>\n\t\t\t\t\t<\/div>\n\t\t<\/div>\n\t\t\t\t\t<\/div>\n\t\t<\/section>\n\t\t\t\t<section class=\"elementor-section elementor-top-section elementor-element elementor-element-128b667 elementor-section-boxed elementor-section-height-default elementor-section-height-default\" data-id=\"128b667\" data-element_type=\"section\" data-e-type=\"section\">\n\t\t\t\t\t\t<div class=\"elementor-container elementor-column-gap-default\">\n\t\t\t\t\t<div class=\"elementor-column elementor-col-100 elementor-top-column elementor-element elementor-element-4f37fc3\" data-id=\"4f37fc3\" data-element_type=\"column\" data-e-type=\"column\">\n\t\t\t<div class=\"elementor-widget-wrap elementor-element-populated\">\n\t\t\t\t\t\t<section class=\"elementor-section elementor-inner-section elementor-element elementor-element-81da515 elementor-section-boxed elementor-section-height-default elementor-section-height-default\" data-id=\"81da515\" data-element_type=\"section\" data-e-type=\"section\">\n\t\t\t\t\t\t<div class=\"elementor-container elementor-column-gap-default\">\n\t\t\t\t\t<div class=\"elementor-column elementor-col-50 elementor-inner-column elementor-element elementor-element-11ae8bf\" data-id=\"11ae8bf\" data-element_type=\"column\" data-e-type=\"column\">\n\t\t\t<div class=\"elementor-widget-wrap elementor-element-populated\">\n\t\t\t\t\t\t<div class=\"elementor-element elementor-element-62bb712 elementor-widget elementor-widget-ee-inline-svg\" data-id=\"62bb712\" data-element_type=\"widget\" data-e-type=\"widget\" data-settings=\"{&quot;svg&quot;:{&quot;url&quot;:&quot;https:\\\/\\\/microcreditmontreal.ca\\\/wp-content\\\/uploads\\\/2020\\\/04\\\/Logo_Quebec_2.svg&quot;,&quot;id&quot;:7653,&quot;size&quot;:&quot;&quot;},&quot;link&quot;:{&quot;url&quot;:&quot;&quot;,&quot;is_external&quot;:&quot;&quot;,&quot;nofollow&quot;:&quot;&quot;,&quot;custom_attributes&quot;:&quot;&quot;},&quot;maintain_ratio&quot;:&quot;yes&quot;,&quot;remove_inline_css&quot;:&quot;yes&quot;}\" data-widget_type=\"ee-inline-svg.default\">\n\t\t\t\t<div class=\"elementor-widget-container\">\n\t\t\t\t\t<div class=\"ee-inline-svg-wrapper\">\n\t\t\t<div class=\"ee-inline-svg\" data-url=\"https:\/\/microcreditmontreal.ca\/wp-content\/uploads\/2020\/04\/Logo_Quebec_2.svg\"><\/div>\n\t\t<\/div>\t\t\t\t<\/div>\n\t\t\t\t<\/div>\n\t\t\t\t\t<\/div>\n\t\t<\/div>\n\t\t\t\t<div class=\"elementor-column elementor-col-50 elementor-inner-column elementor-element elementor-element-ce396d3\" data-id=\"ce396d3\" data-element_type=\"column\" data-e-type=\"column\">\n\t\t\t<div class=\"elementor-widget-wrap elementor-element-populated\">\n\t\t\t\t\t\t<div class=\"elementor-element elementor-element-3034a12 elementor-widget elementor-widget-heading\" data-id=\"3034a12\" data-element_type=\"widget\" data-e-type=\"widget\" data-widget_type=\"heading.default\">\n\t\t\t\t\t<h2 class=\"elementor-heading-title elementor-size-default\">LES MESURES D'URGENCES DU GOUVERNEMENT DU QU\u00c9BEC<\/h2>\t\t\t\t<\/div>\n\t\t\t\t\t<\/div>\n\t\t<\/div>\n\t\t\t\t\t<\/div>\n\t\t<\/section>\n\t\t\t\t<section class=\"elementor-section elementor-inner-section elementor-element elementor-element-4bd8457 elementor-section-boxed elementor-section-height-default elementor-section-height-default\" data-id=\"4bd8457\" data-element_type=\"section\" data-e-type=\"section\" data-settings=\"{&quot;background_background&quot;:&quot;classic&quot;,&quot;background_image&quot;:{&quot;url&quot;:&quot;&quot;,&quot;id&quot;:&quot;&quot;,&quot;size&quot;:&quot;&quot;}}\">\n\t\t\t\t\t\t<div class=\"elementor-container elementor-column-gap-default\">\n\t\t\t\t\t<div class=\"elementor-column elementor-col-50 elementor-inner-column elementor-element elementor-element-b71fff2\" data-id=\"b71fff2\" data-element_type=\"column\" data-e-type=\"column\">\n\t\t\t<div class=\"elementor-widget-wrap elementor-element-populated\">\n\t\t\t\t\t\t<div class=\"elementor-element elementor-element-c6e86b4 elementor-widget elementor-widget-image\" data-id=\"c6e86b4\" data-element_type=\"widget\" data-e-type=\"widget\" data-widget_type=\"image.default\">\n\t\t\t\t\t\t\t\t\t\t\t\t\t\t\t<img decoding=\"async\" width=\"768\" height=\"768\" src=\"https:\/\/microcreditmontreal.ca\/wp-content\/uploads\/2020\/04\/logo-bg-transparent.png\" class=\"attachment-medium_large size-medium_large wp-image-7667\" alt=\"\" srcset=\"https:\/\/microcreditmontreal.ca\/wp-content\/uploads\/2020\/04\/logo-bg-transparent.png 1235w, https:\/\/microcreditmontreal.ca\/wp-content\/uploads\/2020\/04\/logo-bg-transparent-800x800.png 800w, https:\/\/microcreditmontreal.ca\/wp-content\/uploads\/2020\/04\/logo-bg-transparent-300x300.png 300w, https:\/\/microcreditmontreal.ca\/wp-content\/uploads\/2020\/04\/logo-bg-transparent-100x100.png 100w\" sizes=\"(max-width: 768px) 100vw, 768px\" \/>\t\t\t\t\t\t\t\t\t\t\t\t\t\t\t<\/div>\n\t\t\t\t\t<\/div>\n\t\t<\/div>\n\t\t\t\t<div class=\"elementor-column elementor-col-50 elementor-inner-column elementor-element elementor-element-aab2ed4\" data-id=\"aab2ed4\" data-element_type=\"column\" data-e-type=\"column\">\n\t\t\t<div class=\"elementor-widget-wrap elementor-element-populated\">\n\t\t\t\t\t\t<div class=\"elementor-element elementor-element-2217df1 elementor-widget elementor-widget-heading\" data-id=\"2217df1\" data-element_type=\"widget\" data-e-type=\"widget\" data-widget_type=\"heading.default\">\n\t\t\t\t\t<h2 class=\"elementor-heading-title elementor-size-default\">Je consomme qu\u00e9b\u00e9cois<\/h2>\t\t\t\t<\/div>\n\t\t\t\t<div class=\"elementor-element elementor-element-13e71b7 elementor-widget elementor-widget-text-editor\" data-id=\"13e71b7\" data-element_type=\"widget\" data-e-type=\"widget\" data-widget_type=\"text-editor.default\">\n\t\t\t\t\t\t\t\t\t<p>Afin de contribuer \u00e0 stimuler l\u2019\u00e9conomie qu\u00e9b\u00e9coise et par solidarit\u00e9 aux entrepreneurs, <a href=\"https:\/\/microcreditmontreal.us4.list-manage.com\/track\/click?u=671750f44c4993ee0d98ff9f7&amp;id=9766b3f972&amp;e=93adca1284\" target=\"_blank\" rel=\"noopener\">La Fondation de la rel\u00e8ve entrepreneuriale du Qu\u00e9bec<\/a>\u00a0 met en place un r\u00e9pertoire d\u2019achat local et cela \u00e0\u00a0travers le site\u00a0<a href=\"https:\/\/microcreditmontreal.us4.list-manage.com\/track\/click?u=671750f44c4993ee0d98ff9f7&amp;id=34ce463b64&amp;e=93adca1284\">www.jeconsommequebecois.com<\/a>.C&#8217;est un site gratuit et d\u00e9di\u00e9 aux commer\u00e7ants, entrepreneurs et consommateurs Qu\u00e9b\u00e9cois.<\/p><div>Si\u00a0vous \u00eates une entreprise locale et d\u00e9sirez faire partie de ce r\u00e9pertoire vous pouvez y inscrire votre entreprise en allant sur :<\/div>\t\t\t\t\t\t\t\t<\/div>\n\t\t\t\t<div class=\"elementor-element elementor-element-8102981 elementor-align-left elementor-mobile-align-center elementor-widget-tablet__width-initial elementor-widget elementor-widget-button\" data-id=\"8102981\" data-element_type=\"widget\" data-e-type=\"widget\" data-widget_type=\"button.default\">\n\t\t\t\t\t\t\t\t\t\t<a class=\"elementor-button elementor-button-link elementor-size-sm elementor-animation-grow\" href=\"https:\/\/jeconsommequebecois.com\" target=\"_blank\">\n\t\t\t\t\t\t<span class=\"elementor-button-content-wrapper\">\n\t\t\t\t\t\t<span class=\"elementor-button-icon\">\n\t\t\t\t<svg xmlns=\"http:\/\/www.w3.org\/2000\/svg\" viewBox=\"0 0 28 28\"><title>Icon_Button_Arrow_3pt<\/title><g id=\"a3e0f359-fc0a-4cf9-b06f-7a87d2afeac1\" data-name=\"Icon_Button_Arrow_3pt\"><path d=\"M7.5,28a1.5,1.5,0,0,1-1-2.58L18.34,14,6.46,2.58A1.5,1.5,0,1,1,8.54.42l13,12.5a1.5,1.5,0,0,1,0,2.16l-13,12.5A1.5,1.5,0,0,1,7.5,28Z\"><\/path><\/g><\/svg>\t\t\t<\/span>\n\t\t\t\t\t\t\t\t\t<span class=\"elementor-button-text\">Inscrire mon entreprise<\/span>\n\t\t\t\t\t<\/span>\n\t\t\t\t\t<\/a>\n\t\t\t\t\t\t\t\t<\/div>\n\t\t\t\t\t<\/div>\n\t\t<\/div>\n\t\t\t\t\t<\/div>\n\t\t<\/section>\n\t\t\t\t<section class=\"elementor-section elementor-inner-section elementor-element elementor-element-193ed28 elementor-section-boxed elementor-section-height-default elementor-section-height-default\" data-id=\"193ed28\" data-element_type=\"section\" data-e-type=\"section\" data-settings=\"{&quot;background_background&quot;:&quot;classic&quot;,&quot;background_image&quot;:{&quot;url&quot;:&quot;&quot;,&quot;id&quot;:&quot;&quot;,&quot;size&quot;:&quot;&quot;}}\">\n\t\t\t\t\t\t<div class=\"elementor-container elementor-column-gap-default\">\n\t\t\t\t\t<div class=\"elementor-column elementor-col-50 elementor-inner-column elementor-element elementor-element-1dea17e\" data-id=\"1dea17e\" data-element_type=\"column\" data-e-type=\"column\">\n\t\t\t<div class=\"elementor-widget-wrap elementor-element-populated\">\n\t\t\t\t\t\t<div class=\"elementor-element elementor-element-1ade9a8 elementor-widget elementor-widget-image\" data-id=\"1ade9a8\" data-element_type=\"widget\" data-e-type=\"widget\" data-widget_type=\"image.default\">\n\t\t\t\t\t\t\t\t\t\t\t\t\t\t\t<img loading=\"lazy\" decoding=\"async\" width=\"768\" height=\"402\" src=\"https:\/\/microcreditmontreal.ca\/wp-content\/uploads\/2020\/04\/b38b2b8f-0aa6-4038-8f2b-b185791e08d7.png\" class=\"attachment-medium_large size-medium_large wp-image-7661\" alt=\"\" srcset=\"https:\/\/microcreditmontreal.ca\/wp-content\/uploads\/2020\/04\/b38b2b8f-0aa6-4038-8f2b-b185791e08d7.png 1200w, https:\/\/microcreditmontreal.ca\/wp-content\/uploads\/2020\/04\/b38b2b8f-0aa6-4038-8f2b-b185791e08d7-800x419.png 800w, https:\/\/microcreditmontreal.ca\/wp-content\/uploads\/2020\/04\/b38b2b8f-0aa6-4038-8f2b-b185791e08d7-300x157.png 300w\" sizes=\"(max-width: 768px) 100vw, 768px\" \/>\t\t\t\t\t\t\t\t\t\t\t\t\t\t\t<\/div>\n\t\t\t\t\t<\/div>\n\t\t<\/div>\n\t\t\t\t<div class=\"elementor-column elementor-col-50 elementor-inner-column elementor-element elementor-element-7e0f9bf\" data-id=\"7e0f9bf\" data-element_type=\"column\" data-e-type=\"column\">\n\t\t\t<div class=\"elementor-widget-wrap elementor-element-populated\">\n\t\t\t\t\t\t<div class=\"elementor-element elementor-element-8faa734 elementor-widget elementor-widget-heading\" data-id=\"8faa734\" data-element_type=\"widget\" data-e-type=\"widget\" data-widget_type=\"heading.default\">\n\t\t\t\t\t<h2 class=\"elementor-heading-title elementor-size-default\">Le panier bleu<\/h2>\t\t\t\t<\/div>\n\t\t\t\t<div class=\"elementor-element elementor-element-f67aacc elementor-widget elementor-widget-text-editor\" data-id=\"f67aacc\" data-element_type=\"widget\" data-e-type=\"widget\" data-widget_type=\"text-editor.default\">\n\t\t\t\t\t\t\t\t\t<p>Une initiative soutenue par le gouvernement du Qu\u00e9bec, pour dynamiser le commerce local.<\/p>\t\t\t\t\t\t\t\t<\/div>\n\t\t\t\t<div class=\"elementor-element elementor-element-f6376f1 elementor-align-left elementor-mobile-align-center elementor-widget-tablet__width-initial elementor-widget elementor-widget-button\" data-id=\"f6376f1\" data-element_type=\"widget\" data-e-type=\"widget\" data-widget_type=\"button.default\">\n\t\t\t\t\t\t\t\t\t\t<a class=\"elementor-button elementor-button-link elementor-size-sm elementor-animation-grow\" href=\"https:\/\/lepanierbleu.ca\" target=\"_blank\">\n\t\t\t\t\t\t<span class=\"elementor-button-content-wrapper\">\n\t\t\t\t\t\t<span class=\"elementor-button-icon\">\n\t\t\t\t<svg xmlns=\"http:\/\/www.w3.org\/2000\/svg\" viewBox=\"0 0 28 28\"><title>Icon_Button_Arrow_3pt<\/title><g id=\"a3e0f359-fc0a-4cf9-b06f-7a87d2afeac1\" data-name=\"Icon_Button_Arrow_3pt\"><path d=\"M7.5,28a1.5,1.5,0,0,1-1-2.58L18.34,14,6.46,2.58A1.5,1.5,0,1,1,8.54.42l13,12.5a1.5,1.5,0,0,1,0,2.16l-13,12.5A1.5,1.5,0,0,1,7.5,28Z\"><\/path><\/g><\/svg>\t\t\t<\/span>\n\t\t\t\t\t\t\t\t\t<span class=\"elementor-button-text\">Savoir plus<\/span>\n\t\t\t\t\t<\/span>\n\t\t\t\t\t<\/a>\n\t\t\t\t\t\t\t\t<\/div>\n\t\t\t\t\t<\/div>\n\t\t<\/div>\n\t\t\t\t\t<\/div>\n\t\t<\/section>\n\t\t\t\t\t<\/div>\n\t\t<\/div>\n\t\t\t\t\t<\/div>\n\t\t<\/section>\n\t\t\t\t<section class=\"elementor-section elementor-top-section elementor-element elementor-element-802970f elementor-section-boxed elementor-section-height-default elementor-section-height-default\" data-id=\"802970f\" data-element_type=\"section\" data-e-type=\"section\">\n\t\t\t\t\t\t<div class=\"elementor-container elementor-column-gap-default\">\n\t\t\t\t\t<div class=\"elementor-column elementor-col-100 elementor-top-column elementor-element elementor-element-b228a67\" data-id=\"b228a67\" data-element_type=\"column\" data-e-type=\"column\">\n\t\t\t<div class=\"elementor-widget-wrap elementor-element-populated\">\n\t\t\t\t\t\t<section class=\"elementor-section elementor-inner-section elementor-element elementor-element-ad13017 elementor-section-boxed elementor-section-height-default elementor-section-height-default\" data-id=\"ad13017\" data-element_type=\"section\" data-e-type=\"section\">\n\t\t\t\t\t\t<div class=\"elementor-container elementor-column-gap-default\">\n\t\t\t\t\t<div class=\"elementor-column elementor-col-50 elementor-inner-column elementor-element elementor-element-bfe425e\" data-id=\"bfe425e\" data-element_type=\"column\" data-e-type=\"column\">\n\t\t\t<div class=\"elementor-widget-wrap elementor-element-populated\">\n\t\t\t\t\t\t<div class=\"elementor-element elementor-element-2af0bd1 elementor-widget elementor-widget-ee-inline-svg\" data-id=\"2af0bd1\" data-element_type=\"widget\" data-e-type=\"widget\" data-settings=\"{&quot;svg&quot;:{&quot;url&quot;:&quot;https:\\\/\\\/microcreditmontreal.ca\\\/wp-content\\\/uploads\\\/2020\\\/04\\\/Logo_Montreal.svg&quot;,&quot;id&quot;:7663,&quot;size&quot;:&quot;&quot;},&quot;link&quot;:{&quot;url&quot;:&quot;&quot;,&quot;is_external&quot;:&quot;&quot;,&quot;nofollow&quot;:&quot;&quot;,&quot;custom_attributes&quot;:&quot;&quot;},&quot;maintain_ratio&quot;:&quot;yes&quot;,&quot;remove_inline_css&quot;:&quot;yes&quot;}\" data-widget_type=\"ee-inline-svg.default\">\n\t\t\t\t<div class=\"elementor-widget-container\">\n\t\t\t\t\t<div class=\"ee-inline-svg-wrapper\">\n\t\t\t<div class=\"ee-inline-svg\" data-url=\"https:\/\/microcreditmontreal.ca\/wp-content\/uploads\/2020\/04\/Logo_Montreal.svg\"><\/div>\n\t\t<\/div>\t\t\t\t<\/div>\n\t\t\t\t<\/div>\n\t\t\t\t\t<\/div>\n\t\t<\/div>\n\t\t\t\t<div class=\"elementor-column elementor-col-50 elementor-inner-column elementor-element elementor-element-9f4cd37\" data-id=\"9f4cd37\" data-element_type=\"column\" data-e-type=\"column\">\n\t\t\t<div class=\"elementor-widget-wrap elementor-element-populated\">\n\t\t\t\t\t\t<div class=\"elementor-element elementor-element-64080d7 elementor-widget elementor-widget-heading\" data-id=\"64080d7\" data-element_type=\"widget\" data-e-type=\"widget\" data-widget_type=\"heading.default\">\n\t\t\t\t\t<h2 class=\"elementor-heading-title elementor-size-default\">LES MESURES DE LA VILLE DE MONTR\u00c9AL<\/h2>\t\t\t\t<\/div>\n\t\t\t\t\t<\/div>\n\t\t<\/div>\n\t\t\t\t\t<\/div>\n\t\t<\/section>\n\t\t\t\t<section class=\"elementor-section elementor-inner-section elementor-element elementor-element-e6cae48 elementor-section-boxed elementor-section-height-default elementor-section-height-default\" data-id=\"e6cae48\" data-element_type=\"section\" data-e-type=\"section\" data-settings=\"{&quot;background_background&quot;:&quot;classic&quot;,&quot;background_image&quot;:{&quot;url&quot;:&quot;&quot;,&quot;id&quot;:&quot;&quot;,&quot;size&quot;:&quot;&quot;}}\">\n\t\t\t\t\t\t<div class=\"elementor-container elementor-column-gap-default\">\n\t\t\t\t\t<div class=\"elementor-column elementor-col-50 elementor-inner-column elementor-element elementor-element-c094d0f\" data-id=\"c094d0f\" data-element_type=\"column\" data-e-type=\"column\">\n\t\t\t<div class=\"elementor-widget-wrap elementor-element-populated\">\n\t\t\t\t\t\t<div class=\"elementor-element elementor-element-9e331d7 elementor-widget elementor-widget-image\" data-id=\"9e331d7\" data-element_type=\"widget\" data-e-type=\"widget\" data-widget_type=\"image.default\">\n\t\t\t\t\t\t\t\t\t\t\t\t\t\t\t<img loading=\"lazy\" decoding=\"async\" width=\"768\" height=\"297\" src=\"https:\/\/microcreditmontreal.ca\/wp-content\/uploads\/2020\/04\/4bae4b20-141d-4d83-9f28-61925c98d73e-scaled.jpg\" class=\"attachment-medium_large size-medium_large wp-image-7666\" alt=\"\" srcset=\"https:\/\/microcreditmontreal.ca\/wp-content\/uploads\/2020\/04\/4bae4b20-141d-4d83-9f28-61925c98d73e-scaled.jpg 2560w, https:\/\/microcreditmontreal.ca\/wp-content\/uploads\/2020\/04\/4bae4b20-141d-4d83-9f28-61925c98d73e-800x310.jpg 800w, https:\/\/microcreditmontreal.ca\/wp-content\/uploads\/2020\/04\/4bae4b20-141d-4d83-9f28-61925c98d73e-1600x619.jpg 1600w, https:\/\/microcreditmontreal.ca\/wp-content\/uploads\/2020\/04\/4bae4b20-141d-4d83-9f28-61925c98d73e-300x116.jpg 300w\" sizes=\"(max-width: 768px) 100vw, 768px\" \/>\t\t\t\t\t\t\t\t\t\t\t\t\t\t\t<\/div>\n\t\t\t\t\t<\/div>\n\t\t<\/div>\n\t\t\t\t<div class=\"elementor-column elementor-col-50 elementor-inner-column elementor-element elementor-element-d1f6d77\" data-id=\"d1f6d77\" data-element_type=\"column\" data-e-type=\"column\">\n\t\t\t<div class=\"elementor-widget-wrap elementor-element-populated\">\n\t\t\t\t\t\t<div class=\"elementor-element elementor-element-847bc10 elementor-widget elementor-widget-heading\" data-id=\"847bc10\" data-element_type=\"widget\" data-e-type=\"widget\" data-widget_type=\"heading.default\">\n\t\t\t\t\t<h2 class=\"elementor-heading-title elementor-size-default\">Service de livraison urbaine<\/h2>\t\t\t\t<\/div>\n\t\t\t\t<div class=\"elementor-element elementor-element-691a354 elementor-widget elementor-widget-text-editor\" data-id=\"691a354\" data-element_type=\"widget\" data-e-type=\"widget\" data-widget_type=\"text-editor.default\">\n\t\t\t\t\t\t\t\t\t<p>Un nouveau service de livraison \u00e0 domicile s\u00e9curitaire et abordable pour les commerces de quartier, comme une librairie, une quincaillerie, une boulangerie, pour faire livrer leurs produits.\u00a0<\/p>\t\t\t\t\t\t\t\t<\/div>\n\t\t\t\t<div class=\"elementor-element elementor-element-245dfb7 elementor-align-left elementor-mobile-align-center elementor-widget-tablet__width-initial elementor-widget elementor-widget-button\" data-id=\"245dfb7\" data-element_type=\"widget\" data-e-type=\"widget\" data-widget_type=\"button.default\">\n\t\t\t\t\t\t\t\t\t\t<a class=\"elementor-button elementor-button-link elementor-size-sm elementor-animation-grow\" href=\"https:\/\/montreal.ca\/programmes\/service-de-livraison-urbaine-offert-aux-commercants\" target=\"_blank\">\n\t\t\t\t\t\t<span class=\"elementor-button-content-wrapper\">\n\t\t\t\t\t\t<span class=\"elementor-button-icon\">\n\t\t\t\t<svg xmlns=\"http:\/\/www.w3.org\/2000\/svg\" viewBox=\"0 0 28 28\"><title>Icon_Button_Arrow_3pt<\/title><g id=\"a3e0f359-fc0a-4cf9-b06f-7a87d2afeac1\" data-name=\"Icon_Button_Arrow_3pt\"><path d=\"M7.5,28a1.5,1.5,0,0,1-1-2.58L18.34,14,6.46,2.58A1.5,1.5,0,1,1,8.54.42l13,12.5a1.5,1.5,0,0,1,0,2.16l-13,12.5A1.5,1.5,0,0,1,7.5,28Z\"><\/path><\/g><\/svg>\t\t\t<\/span>\n\t\t\t\t\t\t\t\t\t<span class=\"elementor-button-text\">Savoir plus<\/span>\n\t\t\t\t\t<\/span>\n\t\t\t\t\t<\/a>\n\t\t\t\t\t\t\t\t<\/div>\n\t\t\t\t\t<\/div>\n\t\t<\/div>\n\t\t\t\t\t<\/div>\n\t\t<\/section>\n\t\t\t\t\t<\/div>\n\t\t<\/div>\n\t\t\t\t\t<\/div>\n\t\t<\/section>\n\t\t\t\t<section class=\"elementor-section elementor-top-section elementor-element elementor-element-5c4eeb6 elementor-section-boxed elementor-section-height-default elementor-section-height-default\" data-id=\"5c4eeb6\" data-element_type=\"section\" data-e-type=\"section\">\n\t\t\t\t\t\t<div class=\"elementor-container elementor-column-gap-default\">\n\t\t\t\t\t<div class=\"elementor-column elementor-col-100 elementor-top-column elementor-element elementor-element-f2bd690\" data-id=\"f2bd690\" data-element_type=\"column\" data-e-type=\"column\">\n\t\t\t<div class=\"elementor-widget-wrap elementor-element-populated\">\n\t\t\t\t\t\t<div class=\"elementor-element elementor-element-55d19c7 elementor-widget elementor-widget-image\" data-id=\"55d19c7\" data-element_type=\"widget\" data-e-type=\"widget\" data-widget_type=\"image.default\">\n\t\t\t\t\t\t\t\t\t\t\t\t\t\t\t<img loading=\"lazy\" decoding=\"async\" width=\"800\" height=\"671\" src=\"https:\/\/microcreditmontreal.ca\/wp-content\/uploads\/2020\/04\/bce6fe49-4812-4f83-9351-ff81bb939c56.png\" class=\"attachment-large size-large wp-image-7668\" alt=\"\" srcset=\"https:\/\/microcreditmontreal.ca\/wp-content\/uploads\/2020\/04\/bce6fe49-4812-4f83-9351-ff81bb939c56.png 940w, https:\/\/microcreditmontreal.ca\/wp-content\/uploads\/2020\/04\/bce6fe49-4812-4f83-9351-ff81bb939c56-800x671.png 800w, https:\/\/microcreditmontreal.ca\/wp-content\/uploads\/2020\/04\/bce6fe49-4812-4f83-9351-ff81bb939c56-300x251.png 300w\" sizes=\"(max-width: 800px) 100vw, 800px\" \/>\t\t\t\t\t\t\t\t\t\t\t\t\t\t\t<\/div>\n\t\t\t\t\t<\/div>\n\t\t<\/div>\n\t\t\t\t\t<\/div>\n\t\t<\/section>\n\t\t\t\t<\/div>\n\t\t","protected":false},"excerpt":{"rendered":"<p>Dear entrepreneurs and internationally trained professionals, The Microcr\u00e9dit Montr\u00e9al team is ready to help you on-line, through out the week from 9 a.m. to 5 p.m. Please write by email to: info@microcreditmontreal.ca Let us rise to this challenge together! COVID-19 Dear entrepreneurs and internationally trained professionals, The Microcr\u00e9dit Montr\u00e9al team is ready to help you [&hellip;]<\/p>\n","protected":false},"author":1,"featured_media":0,"parent":0,"menu_order":37,"comment_status":"closed","ping_status":"closed","template":"","meta":{"_acf_changed":false,"footnotes":""},"class_list":["post-7690","page","type-page","status-publish","hentry"],"acf":[],"yoast_head":"<!-- This site is optimized with the Yoast SEO plugin v27.5 - https:\/\/yoast.com\/product\/yoast-seo-wordpress\/ -->\n<title>Covid-19 - Microcr\u00e9dit Montr\u00e9al<\/title>\n<meta name=\"robots\" content=\"index, follow, max-snippet:-1, max-image-preview:large, max-video-preview:-1\" \/>\n<link rel=\"canonical\" href=\"https:\/\/microcreditmontreal.ca\/en\/covid-19\/\" \/>\n<meta property=\"og:locale\" content=\"en_US\" \/>\n<meta property=\"og:type\" content=\"article\" \/>\n<meta property=\"og:title\" content=\"Covid-19 - Microcr\u00e9dit Montr\u00e9al\" \/>\n<meta property=\"og:description\" content=\"Dear entrepreneurs and internationally trained professionals, The Microcr\u00e9dit Montr\u00e9al team is ready to help you on-line, through out the week from 9 a.m. to 5 p.m. Please write by email to: info@microcreditmontreal.ca Let us rise to this challenge together! COVID-19 Dear entrepreneurs and internationally trained professionals, The Microcr\u00e9dit Montr\u00e9al team is ready to help you [&hellip;]\" \/>\n<meta property=\"og:url\" content=\"https:\/\/microcreditmontreal.ca\/en\/covid-19\/\" \/>\n<meta property=\"og:site_name\" content=\"Microcr\u00e9dit Montr\u00e9al\" \/>\n<meta property=\"article:modified_time\" content=\"2021-02-10T17:14:08+00:00\" \/>\n<meta property=\"og:image\" content=\"https:\/\/microcreditmontreal.ca\/wp-content\/uploads\/2020\/04\/bf913de3-add2-4fea-8aca-cb555b9ff0a4.jpg\" \/>\n<meta name=\"twitter:card\" content=\"summary_large_image\" \/>\n<script type=\"application\/ld+json\" class=\"yoast-schema-graph\">{\"@context\":\"https:\\\/\\\/schema.org\",\"@graph\":[{\"@type\":\"WebPage\",\"@id\":\"https:\\\/\\\/microcreditmontreal.ca\\\/en\\\/covid-19\\\/\",\"url\":\"https:\\\/\\\/microcreditmontreal.ca\\\/en\\\/covid-19\\\/\",\"name\":\"Covid-19 - Microcr\u00e9dit Montr\u00e9al\",\"isPartOf\":{\"@id\":\"https:\\\/\\\/microcreditmontreal.ca\\\/#website\"},\"primaryImageOfPage\":{\"@id\":\"https:\\\/\\\/microcreditmontreal.ca\\\/en\\\/covid-19\\\/#primaryimage\"},\"image\":{\"@id\":\"https:\\\/\\\/microcreditmontreal.ca\\\/en\\\/covid-19\\\/#primaryimage\"},\"thumbnailUrl\":\"https:\\\/\\\/microcreditmontreal.ca\\\/wp-content\\\/uploads\\\/2020\\\/04\\\/bf913de3-add2-4fea-8aca-cb555b9ff0a4.jpg\",\"datePublished\":\"2020-04-15T16:02:11+00:00\",\"dateModified\":\"2021-02-10T17:14:08+00:00\",\"breadcrumb\":{\"@id\":\"https:\\\/\\\/microcreditmontreal.ca\\\/en\\\/covid-19\\\/#breadcrumb\"},\"inLanguage\":\"en-US\",\"potentialAction\":[{\"@type\":\"ReadAction\",\"target\":[\"https:\\\/\\\/microcreditmontreal.ca\\\/en\\\/covid-19\\\/\"]}]},{\"@type\":\"ImageObject\",\"inLanguage\":\"en-US\",\"@id\":\"https:\\\/\\\/microcreditmontreal.ca\\\/en\\\/covid-19\\\/#primaryimage\",\"url\":\"https:\\\/\\\/microcreditmontreal.ca\\\/wp-content\\\/uploads\\\/2020\\\/04\\\/bf913de3-add2-4fea-8aca-cb555b9ff0a4.jpg\",\"contentUrl\":\"https:\\\/\\\/microcreditmontreal.ca\\\/wp-content\\\/uploads\\\/2020\\\/04\\\/bf913de3-add2-4fea-8aca-cb555b9ff0a4.jpg\"},{\"@type\":\"BreadcrumbList\",\"@id\":\"https:\\\/\\\/microcreditmontreal.ca\\\/en\\\/covid-19\\\/#breadcrumb\",\"itemListElement\":[{\"@type\":\"ListItem\",\"position\":1,\"name\":\"Accueil\",\"item\":\"https:\\\/\\\/microcreditmontreal.ca\\\/en\\\/\"},{\"@type\":\"ListItem\",\"position\":2,\"name\":\"Covid-19\"}]},{\"@type\":\"WebSite\",\"@id\":\"https:\\\/\\\/microcreditmontreal.ca\\\/#website\",\"url\":\"https:\\\/\\\/microcreditmontreal.ca\\\/\",\"name\":\"Microcr\u00e9dit Montr\u00e9al\",\"description\":\"\",\"publisher\":{\"@id\":\"https:\\\/\\\/microcreditmontreal.ca\\\/#organization\"},\"potentialAction\":[{\"@type\":\"SearchAction\",\"target\":{\"@type\":\"EntryPoint\",\"urlTemplate\":\"https:\\\/\\\/microcreditmontreal.ca\\\/?s={search_term_string}\"},\"query-input\":{\"@type\":\"PropertyValueSpecification\",\"valueRequired\":true,\"valueName\":\"search_term_string\"}}],\"inLanguage\":\"en-US\"},{\"@type\":\"Organization\",\"@id\":\"https:\\\/\\\/microcreditmontreal.ca\\\/#organization\",\"name\":\"Microcr\u00e9dit Montr\u00e9al\",\"url\":\"https:\\\/\\\/microcreditmontreal.ca\\\/\",\"logo\":{\"@type\":\"ImageObject\",\"inLanguage\":\"en-US\",\"@id\":\"https:\\\/\\\/microcreditmontreal.ca\\\/#\\\/schema\\\/logo\\\/image\\\/\",\"url\":\"https:\\\/\\\/microcreditmontreal.ca\\\/wp-content\\\/uploads\\\/2025\\\/01\\\/MM_signature35ans.png\",\"contentUrl\":\"https:\\\/\\\/microcreditmontreal.ca\\\/wp-content\\\/uploads\\\/2025\\\/01\\\/MM_signature35ans.png\",\"width\":\"1051\",\"height\":\"333\",\"caption\":\"Microcr\u00e9dit Montr\u00e9al\"},\"image\":{\"@id\":\"https:\\\/\\\/microcreditmontreal.ca\\\/#\\\/schema\\\/logo\\\/image\\\/\"}}]}<\/script>\n<!-- \/ Yoast SEO plugin. -->","yoast_head_json":{"title":"Covid-19 - Microcr\u00e9dit Montr\u00e9al","robots":{"index":"index","follow":"follow","max-snippet":"max-snippet:-1","max-image-preview":"max-image-preview:large","max-video-preview":"max-video-preview:-1"},"canonical":"https:\/\/microcreditmontreal.ca\/en\/covid-19\/","og_locale":"en_US","og_type":"article","og_title":"Covid-19 - Microcr\u00e9dit Montr\u00e9al","og_description":"Dear entrepreneurs and internationally trained professionals, The Microcr\u00e9dit Montr\u00e9al team is ready to help you on-line, through out the week from 9 a.m. to 5 p.m. Please write by email to: info@microcreditmontreal.ca Let us rise to this challenge together! COVID-19 Dear entrepreneurs and internationally trained professionals, The Microcr\u00e9dit Montr\u00e9al team is ready to help you [&hellip;]","og_url":"https:\/\/microcreditmontreal.ca\/en\/covid-19\/","og_site_name":"Microcr\u00e9dit Montr\u00e9al","article_modified_time":"2021-02-10T17:14:08+00:00","og_image":[{"url":"https:\/\/microcreditmontreal.ca\/wp-content\/uploads\/2020\/04\/bf913de3-add2-4fea-8aca-cb555b9ff0a4.jpg","type":"","width":"","height":""}],"twitter_card":"summary_large_image","schema":{"@context":"https:\/\/schema.org","@graph":[{"@type":"WebPage","@id":"https:\/\/microcreditmontreal.ca\/en\/covid-19\/","url":"https:\/\/microcreditmontreal.ca\/en\/covid-19\/","name":"Covid-19 - Microcr\u00e9dit Montr\u00e9al","isPartOf":{"@id":"https:\/\/microcreditmontreal.ca\/#website"},"primaryImageOfPage":{"@id":"https:\/\/microcreditmontreal.ca\/en\/covid-19\/#primaryimage"},"image":{"@id":"https:\/\/microcreditmontreal.ca\/en\/covid-19\/#primaryimage"},"thumbnailUrl":"https:\/\/microcreditmontreal.ca\/wp-content\/uploads\/2020\/04\/bf913de3-add2-4fea-8aca-cb555b9ff0a4.jpg","datePublished":"2020-04-15T16:02:11+00:00","dateModified":"2021-02-10T17:14:08+00:00","breadcrumb":{"@id":"https:\/\/microcreditmontreal.ca\/en\/covid-19\/#breadcrumb"},"inLanguage":"en-US","potentialAction":[{"@type":"ReadAction","target":["https:\/\/microcreditmontreal.ca\/en\/covid-19\/"]}]},{"@type":"ImageObject","inLanguage":"en-US","@id":"https:\/\/microcreditmontreal.ca\/en\/covid-19\/#primaryimage","url":"https:\/\/microcreditmontreal.ca\/wp-content\/uploads\/2020\/04\/bf913de3-add2-4fea-8aca-cb555b9ff0a4.jpg","contentUrl":"https:\/\/microcreditmontreal.ca\/wp-content\/uploads\/2020\/04\/bf913de3-add2-4fea-8aca-cb555b9ff0a4.jpg"},{"@type":"BreadcrumbList","@id":"https:\/\/microcreditmontreal.ca\/en\/covid-19\/#breadcrumb","itemListElement":[{"@type":"ListItem","position":1,"name":"Accueil","item":"https:\/\/microcreditmontreal.ca\/en\/"},{"@type":"ListItem","position":2,"name":"Covid-19"}]},{"@type":"WebSite","@id":"https:\/\/microcreditmontreal.ca\/#website","url":"https:\/\/microcreditmontreal.ca\/","name":"Microcr\u00e9dit Montr\u00e9al","description":"","publisher":{"@id":"https:\/\/microcreditmontreal.ca\/#organization"},"potentialAction":[{"@type":"SearchAction","target":{"@type":"EntryPoint","urlTemplate":"https:\/\/microcreditmontreal.ca\/?s={search_term_string}"},"query-input":{"@type":"PropertyValueSpecification","valueRequired":true,"valueName":"search_term_string"}}],"inLanguage":"en-US"},{"@type":"Organization","@id":"https:\/\/microcreditmontreal.ca\/#organization","name":"Microcr\u00e9dit Montr\u00e9al","url":"https:\/\/microcreditmontreal.ca\/","logo":{"@type":"ImageObject","inLanguage":"en-US","@id":"https:\/\/microcreditmontreal.ca\/#\/schema\/logo\/image\/","url":"https:\/\/microcreditmontreal.ca\/wp-content\/uploads\/2025\/01\/MM_signature35ans.png","contentUrl":"https:\/\/microcreditmontreal.ca\/wp-content\/uploads\/2025\/01\/MM_signature35ans.png","width":"1051","height":"333","caption":"Microcr\u00e9dit Montr\u00e9al"},"image":{"@id":"https:\/\/microcreditmontreal.ca\/#\/schema\/logo\/image\/"}}]}},"_links":{"self":[{"href":"https:\/\/microcreditmontreal.ca\/en\/wp-json\/wp\/v2\/pages\/7690","targetHints":{"allow":["GET"]}}],"collection":[{"href":"https:\/\/microcreditmontreal.ca\/en\/wp-json\/wp\/v2\/pages"}],"about":[{"href":"https:\/\/microcreditmontreal.ca\/en\/wp-json\/wp\/v2\/types\/page"}],"author":[{"embeddable":true,"href":"https:\/\/microcreditmontreal.ca\/en\/wp-json\/wp\/v2\/users\/1"}],"replies":[{"embeddable":true,"href":"https:\/\/microcreditmontreal.ca\/en\/wp-json\/wp\/v2\/comments?post=7690"}],"version-history":[{"count":0,"href":"https:\/\/microcreditmontreal.ca\/en\/wp-json\/wp\/v2\/pages\/7690\/revisions"}],"wp:attachment":[{"href":"https:\/\/microcreditmontreal.ca\/en\/wp-json\/wp\/v2\/media?parent=7690"}],"curies":[{"name":"wp","href":"https:\/\/api.w.org\/{rel}","templated":true}]}}